{"id":5091,"date":"2022-11-28T10:14:24","date_gmt":"2022-11-28T10:14:24","guid":{"rendered":"https:\/\/demo2.cloudwp.dev\/trial-0tt28w63\/?page_id=5091"},"modified":"2022-12-02T13:17:16","modified_gmt":"2022-12-02T13:17:16","slug":"new-fr-tarbes-en-tango","status":"publish","type":"page","link":"https:\/\/saintseverdespyrenees.com\/?page_id=5091","title":{"rendered":"(new) (FR) Tarbes en Tango"},"content":{"rendered":"\t\t<div data-elementor-type=\"wp-page\" data-elementor-id=\"5091\" class=\"elementor elementor-5091\">\n\t\t\t\t\t\t<section class=\"elementor-section elementor-top-section elementor-element elementor-element-i9lupce elementor-section-content-middle elementor-section-height-min-height elementor-section-boxed elementor-section-height-default elementor-section-items-middle wpr-particle-no wpr-jarallax-no wpr-parallax-no wpr-sticky-section-no wpr-equal-height-no\" data-id=\"i9lupce\" data-element_type=\"section\" data-e-type=\"section\" data-settings=\"{&quot;background_background&quot;:&quot;classic&quot;}\">\n\t\t\t\t\t\t\t<div class=\"elementor-background-overlay\"><\/div>\n\t\t\t\t\t\t\t<div class=\"elementor-container elementor-column-gap-default\">\n\t\t\t\t\t<div class=\"elementor-column elementor-col-100 elementor-top-column elementor-element elementor-element-6ed6cac\" data-id=\"6ed6cac\" data-element_type=\"column\" data-e-type=\"column\">\n\t\t\t<div class=\"elementor-widget-wrap elementor-element-populated\">\n\t\t\t\t\t\t<div class=\"elementor-element elementor-element-285c924 elementor-widget elementor-widget-heading\" data-id=\"285c924\" data-element_type=\"widget\" data-e-type=\"widget\" data-widget_type=\"heading.default\">\n\t\t\t\t<div class=\"elementor-widget-container\">\n\t\t\t\t\t<h1 class=\"elementor-heading-title elementor-size-default\">Tarbes en Tango\n<\/h1>\t\t\t\t<\/div>\n\t\t\t\t<\/div>\n\t\t\t\t\t<\/div>\n\t\t<\/div>\n\t\t\t\t\t<\/div>\n\t\t<\/section>\n\t\t\t\t<section class=\"elementor-section elementor-top-section elementor-element elementor-element-qh7fmgk elementor-section-height-min-height elementor-section-boxed elementor-section-height-default elementor-section-items-middle wpr-particle-no wpr-jarallax-no wpr-parallax-no wpr-sticky-section-no wpr-equal-height-no\" data-id=\"qh7fmgk\" data-element_type=\"section\" data-e-type=\"section\">\n\t\t\t\t\t\t<div class=\"elementor-container elementor-column-gap-default\">\n\t\t\t\t\t<div class=\"elementor-column elementor-col-100 elementor-top-column elementor-element elementor-element-827726c\" data-id=\"827726c\" data-element_type=\"column\" data-e-type=\"column\">\n\t\t\t<div class=\"elementor-widget-wrap elementor-element-populated\">\n\t\t\t\t\t\t<div class=\"elementor-element elementor-element-64c0bdc elementor-widget elementor-widget-heading\" data-id=\"64c0bdc\" data-element_type=\"widget\" data-e-type=\"widget\" data-widget_type=\"heading.default\">\n\t\t\t\t<div class=\"elementor-widget-container\">\n\t\t\t\t\t<h2 class=\"elementor-heading-title elementor-size-default\">Tarbes en Tango\n<\/h2>\t\t\t\t<\/div>\n\t\t\t\t<\/div>\n\t\t\t\t<div class=\"elementor-element elementor-element-62c257c elementor-widget elementor-widget-text-editor\" data-id=\"62c257c\" data-element_type=\"widget\" data-e-type=\"widget\" data-widget_type=\"text-editor.default\">\n\t\t\t\t<div class=\"elementor-widget-container\">\n\t\t\t\t\t\t\t\t\t<p>Organis\u00e9 depuis 1998 par la mairie de Tarbes,<a href=\"http:\/\/www.tarbes-tourisme.fr\/\" target=\"_blank\" rel=\"noopener noreferrer\">\u00a0l\u2019Office de tourisme de Tarbes<\/a>\u00a0et\u00a0<a href=\"https:\/\/www.tangueando-ibos.com\/\" target=\"_blank\" rel=\"noopener noreferrer\">l\u2019association Tangueando Ibos<\/a>, le\u00a0<a href=\"https:\/\/www.tarbesentango.fr\/\" target=\"_blank\" rel=\"noopener noreferrer\">Tarbes en Tango<\/a>\u00a0est aujourd\u2019hui l\u2019un des plus grands festivals de tango au monde.<\/p><p>Pendant 9 jours en ao\u00fbt, le festival Tarbes en Tango r\u00e9unit les grands ma\u00eetres du tango argentin, des danseurs et des musiciens, des tangueros du monde entier et le grand public. Dans un programme vari\u00e9, \u00e9clectique et de qualit\u00e9, danse, musique et culture argentine restent les \u00e9l\u00e9ments essentiels de Tarbes en Tango.<\/p>\t\t\t\t\t\t\t\t<\/div>\n\t\t\t\t<\/div>\n\t\t\t\t\t<\/div>\n\t\t<\/div>\n\t\t\t\t\t<\/div>\n\t\t<\/section>\n\t\t\t\t<section class=\"elementor-section elementor-top-section elementor-element elementor-element-00b54a9 elementor-section-boxed elementor-section-height-default elementor-section-height-default wpr-particle-no wpr-jarallax-no wpr-parallax-no wpr-sticky-section-no wpr-equal-height-no\" data-id=\"00b54a9\" data-element_type=\"section\" data-e-type=\"section\">\n\t\t\t\t\t\t<div class=\"elementor-container elementor-column-gap-default\">\n\t\t\t\t\t<div class=\"elementor-column elementor-col-50 elementor-top-column elementor-element elementor-element-95cfb09\" data-id=\"95cfb09\" data-element_type=\"column\" data-e-type=\"column\">\n\t\t\t<div class=\"elementor-widget-wrap elementor-element-populated\">\n\t\t\t\t\t\t<div class=\"elementor-element elementor-element-74d2713 elementor-widget elementor-widget-text-editor\" data-id=\"74d2713\" data-element_type=\"widget\" data-e-type=\"widget\" data-widget_type=\"text-editor.default\">\n\t\t\t\t<div class=\"elementor-widget-container\">\n\t\t\t\t\t\t\t\t\t<p>Pendant la journ\u00e9e, une atmosph\u00e8re sensuelle et enivrante envahit les rues de la ville avec des milongas (soir\u00e9es dansantes) et des ap\u00e9ros Tango sur les terrasses des caf\u00e9s. En soir\u00e9e, les lieux les plus prestigieux de la ville, le Jardin Massey, le Th\u00e9\u00e2tre des Nouveaut\u00e9s et la Salle Marcadieu proposent des spectacles, des concerts et des soir\u00e9es dansantes sublim\u00e9es par une centaine d\u2019artistes argentins.<\/p><p>Le tango est aussi une culture qui peut \u00eatre partag\u00e9e \u00e0 travers des films, des expositions, des conf\u00e9rences, des lectures, etc. Les festivaliers souhaitant pratiquer le tango argentin peuvent s\u2019inscrire \u00e0 des ateliers de danse (d\u00e9butant \u00e0 professionnel), d\u2019instruments, de chant ou m\u00eame de DJ. La convivialit\u00e9 reste le mot d\u2019ordre de ce festival et les commer\u00e7ants de la ville (magasins, h\u00f4tels, bars \u2026) participent largement \u00e0 cet aspect.<\/p><p>La dimension internationale du festival est \u00e9galement confirm\u00e9e par le partenariat avec le minist\u00e8re argentin du Tourisme.<\/p>\t\t\t\t\t\t\t\t<\/div>\n\t\t\t\t<\/div>\n\t\t\t\t\t<\/div>\n\t\t<\/div>\n\t\t\t\t<div class=\"elementor-column elementor-col-50 elementor-top-column elementor-element elementor-element-a4f8e11\" data-id=\"a4f8e11\" data-element_type=\"column\" data-e-type=\"column\">\n\t\t\t<div class=\"elementor-widget-wrap elementor-element-populated\">\n\t\t\t\t\t\t<div class=\"elementor-element elementor-element-60a5298 elementor-widget elementor-widget-image\" data-id=\"60a5298\" data-element_type=\"widget\" data-e-type=\"widget\" data-widget_type=\"image.default\">\n\t\t\t\t<div class=\"elementor-widget-container\">\n\t\t\t\t\t\t\t\t\t\t\t\t\t\t\t<img decoding=\"async\" src=\"https:\/\/demo2.cloudwp.dev\/trial-0tt28w63\/wp-content\/uploads\/2022\/11\/tarbes-en-tango-2019-724x1024-1.jpg\" title=\"\" alt=\"\" loading=\"lazy\" \/>\t\t\t\t\t\t\t\t\t\t\t\t\t\t\t<\/div>\n\t\t\t\t<\/div>\n\t\t\t\t\t<\/div>\n\t\t<\/div>\n\t\t\t\t\t<\/div>\n\t\t<\/section>\n\t\t\t\t<section class=\"elementor-section elementor-top-section elementor-element elementor-element-a082c36 elementor-section-boxed elementor-section-height-default elementor-section-height-default wpr-particle-no wpr-jarallax-no wpr-parallax-no wpr-sticky-section-no wpr-equal-height-no\" data-id=\"a082c36\" data-element_type=\"section\" data-e-type=\"section\">\n\t\t\t\t\t\t<div class=\"elementor-container elementor-column-gap-default\">\n\t\t\t\t\t<div class=\"elementor-column elementor-col-50 elementor-top-column elementor-element elementor-element-461075e\" data-id=\"461075e\" data-element_type=\"column\" data-e-type=\"column\">\n\t\t\t<div class=\"elementor-widget-wrap elementor-element-populated\">\n\t\t\t\t\t\t<div class=\"elementor-element elementor-element-bfa8cd4 elementor-widget elementor-widget-image\" data-id=\"bfa8cd4\" data-element_type=\"widget\" data-e-type=\"widget\" data-widget_type=\"image.default\">\n\t\t\t\t<div class=\"elementor-widget-container\">\n\t\t\t\t\t\t\t\t\t\t\t\t\t\t\t<img decoding=\"async\" src=\"https:\/\/demo2.cloudwp.dev\/trial-0tt28w63\/wp-content\/uploads\/2022\/11\/tango1-1024x500-1.jpg\" title=\"\" alt=\"\" loading=\"lazy\" \/>\t\t\t\t\t\t\t\t\t\t\t\t\t\t\t<\/div>\n\t\t\t\t<\/div>\n\t\t\t\t\t<\/div>\n\t\t<\/div>\n\t\t\t\t<div class=\"elementor-column elementor-col-50 elementor-top-column elementor-element elementor-element-4d1103f\" data-id=\"4d1103f\" data-element_type=\"column\" data-e-type=\"column\">\n\t\t\t<div class=\"elementor-widget-wrap elementor-element-populated\">\n\t\t\t\t\t\t<div class=\"elementor-element elementor-element-6f5a78e elementor-widget elementor-widget-image\" data-id=\"6f5a78e\" data-element_type=\"widget\" data-e-type=\"widget\" data-widget_type=\"image.default\">\n\t\t\t\t<div class=\"elementor-widget-container\">\n\t\t\t\t\t\t\t\t\t\t\t\t\t\t\t<img decoding=\"async\" src=\"https:\/\/demo2.cloudwp.dev\/trial-0tt28w63\/wp-content\/uploads\/2022\/11\/tango2-1024x500-1.jpg\" title=\"\" alt=\"\" loading=\"lazy\" \/>\t\t\t\t\t\t\t\t\t\t\t\t\t\t\t<\/div>\n\t\t\t\t<\/div>\n\t\t\t\t\t<\/div>\n\t\t<\/div>\n\t\t\t\t\t<\/div>\n\t\t<\/section>\n\t\t\t\t<\/div>\n\t\t","protected":false},"excerpt":{"rendered":"<p>Tarbes en Tango Tarbes en Tango Organis\u00e9 depuis 1998 par la mairie de Tarbes,&nbsp;l\u2019Office de tourisme de Tarbes&nbsp;et&nbsp;l\u2019association Tangueando Ibos, le&nbsp;Tarbes en Tango&nbsp;est aujourd\u2019hui l\u2019un des plus grands festivals de tango au monde. Pendant 9 jours en ao\u00fbt, le festival Tarbes en Tango r\u00e9unit les grands ma\u00eetres du tango argentin, des danseurs et des musiciens, des tangueros du monde entier et le grand public. Dans un programme vari\u00e9, \u00e9clectique et de qualit\u00e9, danse, musique et culture argentine restent les \u00e9l\u00e9ments essentiels de Tarbes en Tango. Pendant la journ\u00e9e, une atmosph\u00e8re sensuelle et enivrante envahit les rues de la ville avec des milongas (soir\u00e9es dansantes) et des ap\u00e9ros Tango sur les terrasses des caf\u00e9s. En soir\u00e9e, les lieux les plus prestigieux de la ville, le Jardin Massey, le Th\u00e9\u00e2tre des Nouveaut\u00e9s et la Salle Marcadieu proposent des spectacles, des concerts et des soir\u00e9es dansantes sublim\u00e9es par une centaine d\u2019artistes argentins. Le tango est aussi une culture qui peut \u00eatre partag\u00e9e \u00e0 travers des films, des expositions, des conf\u00e9rences, des lectures, etc. Les festivaliers souhaitant pratiquer le tango argentin peuvent s\u2019inscrire \u00e0 des ateliers de danse (d\u00e9butant \u00e0 professionnel), d\u2019instruments, de chant ou m\u00eame de DJ. La convivialit\u00e9 reste le mot d\u2019ordre de ce festival et les commer\u00e7ants de la ville (magasins, h\u00f4tels, bars \u2026) participent largement \u00e0 cet aspect. La dimension internationale du festival est \u00e9galement confirm\u00e9e par le partenariat avec le minist\u00e8re argentin du Tourisme.<\/p>\n","protected":false},"author":1,"featured_media":0,"parent":0,"menu_order":0,"comment_status":"closed","ping_status":"closed","template":"","meta":{"footnotes":""},"class_list":["post-5091","page","type-page","status-publish","hentry"],"_links":{"self":[{"href":"https:\/\/saintseverdespyrenees.com\/index.php?rest_route=\/wp\/v2\/pages\/5091","targetHints":{"allow":["GET"]}}],"collection":[{"href":"https:\/\/saintseverdespyrenees.com\/index.php?rest_route=\/wp\/v2\/pages"}],"about":[{"href":"https:\/\/saintseverdespyrenees.com\/index.php?rest_route=\/wp\/v2\/types\/page"}],"author":[{"embeddable":true,"href":"https:\/\/saintseverdespyrenees.com\/index.php?rest_route=\/wp\/v2\/users\/1"}],"replies":[{"embeddable":true,"href":"https:\/\/saintseverdespyrenees.com\/index.php?rest_route=%2Fwp%2Fv2%2Fcomments&post=5091"}],"version-history":[{"count":2,"href":"https:\/\/saintseverdespyrenees.com\/index.php?rest_route=\/wp\/v2\/pages\/5091\/revisions"}],"predecessor-version":[{"id":5471,"href":"https:\/\/saintseverdespyrenees.com\/index.php?rest_route=\/wp\/v2\/pages\/5091\/revisions\/5471"}],"wp:attachment":[{"href":"https:\/\/saintseverdespyrenees.com\/index.php?rest_route=%2Fwp%2Fv2%2Fmedia&parent=5091"}],"curies":[{"name":"wp","href":"https:\/\/api.w.org\/{rel}","templated":true}]}}